{"id":966,"date":"2025-08-16T16:55:26","date_gmt":"2025-08-16T16:55:26","guid":{"rendered":"https:\/\/bydgoskascenabarokowa.pl\/?page_id=966"},"modified":"2025-10-02T14:32:08","modified_gmt":"2025-10-02T14:32:08","slug":"8-11-2025","status":"publish","type":"page","link":"https:\/\/bydgoskascenabarokowa.pl\/?page_id=966","title":{"rendered":"08.11.2025"},"content":{"rendered":"\n<figure class=\"wp-block-image size-full has-custom-border is-style-rounded\"><img loading=\"lazy\" decoding=\"async\" width=\"1200\" height=\"628\" src=\"http:\/\/bydgoskascenabarokowa.pl\/wp-content\/uploads\/2025\/08\/event-fb_1108.jpg\" alt=\"\" class=\"wp-image-937\" style=\"border-radius:20px\" srcset=\"https:\/\/bydgoskascenabarokowa.pl\/wp-content\/uploads\/2025\/08\/event-fb_1108.jpg 1200w, https:\/\/bydgoskascenabarokowa.pl\/wp-content\/uploads\/2025\/08\/event-fb_1108-300x157.jpg 300w, https:\/\/bydgoskascenabarokowa.pl\/wp-content\/uploads\/2025\/08\/event-fb_1108-1024x536.jpg 1024w, https:\/\/bydgoskascenabarokowa.pl\/wp-content\/uploads\/2025\/08\/event-fb_1108-768x402.jpg 768w, https:\/\/bydgoskascenabarokowa.pl\/wp-content\/uploads\/2025\/08\/event-fb_1108-1140x597.jpg 1140w\" sizes=\"auto, (max-width: 1200px) 100vw, 1200px\" \/><\/figure>\n\n\n\n<p><\/p>\n\n\n\n<h2 class=\"wp-block-heading\"><strong>Kantaty Johanna Sebastiana Bacha<br><\/strong>Sala Symfoniczna nowego kampusu AMFN w Bydgoszczy<br>8 listopada 2025, g. 18:00<\/h2>\n\n\n\n<div class=\"wp-block-buttons is-layout-flex wp-block-buttons-is-layout-flex\">\n<div class=\"wp-block-button is-style-outline is-style-outline--1\"><a class=\"wp-block-button__link wp-element-button\" href=\"https:\/\/evently.pl\/events\/10084-bsb2025-kantaty-johanna-sebastiana-bacha\" target=\"_blank\" rel=\"noreferrer noopener\">bilety<\/a><\/div>\n\n\n\n<div class=\"wp-block-button is-style-outline is-style-outline--2\"><a class=\"wp-block-button__link wp-element-button\" href=\"https:\/\/evently.pl\/events?filter%5Bpharse%5D=BSB2025&amp;filter%5Btype%5D=&amp;filter%5Bfrom_date%5D=01.08.2025+00%3A00&amp;filter%5Bto_price%5D=0\" target=\"_blank\" rel=\"noreferrer noopener\">wszystkie bilety<\/a><\/div>\n\n\n\n<div class=\"wp-block-button is-style-outline is-style-outline--3\"><a class=\"wp-block-button__link wp-element-button\" href=\"https:\/\/evently.pl\/events\/10087-bydgoska-scena-barokowa-bsb2025\" target=\"_blank\" rel=\"noreferrer noopener\">karnety BSB2025<\/a><\/div>\n<\/div>\n\n\n\n<p><\/p>\n\n\n\n<p><strong>WYKONAWCY<\/strong><br>Olga Pasiecznik \u2013 sopran<br>Jakub Foltak &#8211; kontratenor<br>Sebastian Mach &#8211; tenor<br>Dawid Biwo &#8211; bas<br><br>zesp\u00f3\u0142 Instrument\u00f3w Dawnych Polskiej Opery Kr\u00f3lewskiej <strong>Capella Regia Polona<\/strong><br>Krzysztof Garstka &#8211; klawesyn, dyrygent<\/p>\n\n\n\n<p><\/p>\n\n\n\n<p><\/p>\n\n\n\n<p><strong>PROGRAM<\/strong><br><strong>Johann Sebastian Bach (1685-1750):<\/strong><br><strong>Kantata <em>Ich habe genug<\/em> BWV 82<\/strong><br> Aria: <em>Ich habe genug<\/em><br> Recytatyw: <em>Ich habe genug<\/em><br> Aria: <em>Schlummert ein , ihr matten Augen<\/em><br> Recytatyw: <em>Mein Gott! wenn k\u00f6mmt das sch\u00f6ne: Nun!<\/em><br> Aria: <em>Ich freude mich auf meinen Tod<\/em><br><br><strong>Johann Bernhard Bach (1676-1749)<\/strong><br><strong>Ouverture in g minor<\/strong><br> <em>     Ouverture &#8211; Air &#8211; Rondeau &#8211; Loure &#8211; Fantaisie &#8211; Passepied<\/em><br><br><strong>Johann Sebastian Bach<\/strong><br><strong>Kantata Christ unser Herr zum Jordan kam BWV 7<\/strong><br> <em>     <\/em>Coro: <em>Christ unser Herr zum Jordan kam<\/em><br> <em>     <\/em>Aria (bas): <em>Merkt und h\u00f6rt, ihr Menschenkinder<\/em><br> <em>     <\/em>Recytatyw (tenor): <em>Dies hat Gott klar mit Worten und mit Bildern dargethan<br><\/em> <em>     <\/em>Aria (tenor): <em>Des Vaters Stimme lie\u00df sich h\u00f6ren<\/em><br> <em>     <\/em>Recytatyw (bas): <em>Als Jesus dort nach seinen Leiden<\/em><br> <em>     <\/em>Aria (alt): <em>Menschen, glaubt doch dieser Gnade<\/em><br> <em>     <\/em>Chora\u0142: <em>Das Aug allein das Wasser sieht<\/em><\/p>\n\n\n\n<p><\/p>\n\n\n\n<details class=\"wp-block-details is-layout-flow wp-block-details-is-layout-flow\"><summary>O PROGRAMIE<\/summary>\n<p>Ponad dwie\u015bcie znanych nam dzi\u015b kantat Johanna Sebastiana Bacha to zaledwie wycinek tw\u00f3rczo\u015bci z tego gatunku, kt\u00f3ra wysz\u0142a spod r\u0119ki lipskiego kantora. Zachowane dzie\u0142a s\u0105 znakomitym przyk\u0142adem obfituj\u0105cego w symbole barokowego j\u0119zyka muzycznego oraz niezr\u00f3wnanej inwencji kompozytorskiej. Pisane przez ca\u0142e \u017cycie \u2013 daj\u0105 mo\u017cliwo\u015b\u0107 wgl\u0105du do warsztatu mistrza. Pierwotna wersja kantaty&nbsp;<em>Ich habe<\/em>&nbsp;<em>genug<\/em>&nbsp;BWV 82 napisana zosta\u0142a w 1727 roku na solowy g\u0142os basowy, jednak ju\u017c w 1730 lub 1731 roku Bach przepisa\u0142 kantat\u0119 na sopran. Fragmenty tej kompozycji znale\u017a\u0107 mo\u017cna w&nbsp;<em>Klavierb\u00fcchlein&nbsp;<\/em>Anny Magdaleny, \u017cony kompozytora. Wykonywa\u0142a je wi\u0119c najpewniej podczas prywatnych b\u0105d\u017a publicznych wyst\u0119p\u00f3w swym czystym sopranem. Tematem utworu przeznaczonego na \u015bwi\u0119to Oczyszczenia Naj\u015bwi\u0119tszej Marii Panny jest t\u0119sknota za \u015bmierci\u0105, kt\u00f3ra dla chrze\u015bcijanina jest bram\u0105 wiod\u0105c\u0105 ku zjednoczeniu z Chrystusem.<\/p>\n\n\n\n<p>Natomiast kantata&nbsp;<em>Christ unser Herr zum Jordan kam<\/em>&nbsp;BWV 7,&nbsp;napisana na \u015awi\u0119to Jana Chrzciciela w 1724 roku, opowiada o chrzcie Chrystusa w Jordanie.&nbsp;W otwieraj\u0105cym kompozycj\u0119 ch\u00f3rze warto zwr\u00f3ci\u0107 uwag\u0119 na figuracyjn\u0105 gr\u0119 solowych skrzypiec, kojarz\u0105c\u0105 si\u0119 z faluj\u0105cymi wodami Jordanu. Warstwa instrumentalna ciekawie dialoguje z zakl\u0119tym w partii ch\u00f3ru brzmieniem tradycyjnej pie\u015bni Marcina Lutra.<\/p>\n\n\n\n<p>Mi\u0119dzy kantatami zabrzmi&nbsp;<em>Ouverture in g minor<\/em>&nbsp;autorstwa dalekiego krewnego lipskiego kantora \u2013 Johanna Bernharda Bacha (1676-1749). Tw\u00f3rca ten przez wi\u0119kszo\u015b\u0107 \u017cycia by\u0142 zwi\u0105zany z dworem ksi\u0105\u017c\u0119cym w Eisenach i tamtejszym ko\u015bcio\u0142em \u015bw. Jerzego. Jego znakomite kompozycje instrumentalne szybko jednak dotar\u0142y do Lipska i zosta\u0142y w\u0142\u0105czone przez Johanna Sebastiana do repertuaru tamtejszego Collegium Musicum.<\/p>\n\n\n\n<p class=\"has-text-align-right\">Marta Dziewanowska-Pachowska<\/p>\n<\/details>\n\n\n\n<p><\/p>\n\n\n\n<p>WYKONAWCY<\/p>\n\n\n\n<p><\/p>\n\n\n\n<figure class=\"wp-block-image size-full is-resized\"><img loading=\"lazy\" decoding=\"async\" width=\"860\" height=\"482\" src=\"https:\/\/bydgoskascenabarokowa.pl\/wp-content\/uploads\/2025\/09\/Olga-Pasiecznik.png\" alt=\"\" class=\"wp-image-1104\" style=\"width:573px;height:auto\" srcset=\"https:\/\/bydgoskascenabarokowa.pl\/wp-content\/uploads\/2025\/09\/Olga-Pasiecznik.png 860w, https:\/\/bydgoskascenabarokowa.pl\/wp-content\/uploads\/2025\/09\/Olga-Pasiecznik-300x168.png 300w, https:\/\/bydgoskascenabarokowa.pl\/wp-content\/uploads\/2025\/09\/Olga-Pasiecznik-768x430.png 768w\" sizes=\"auto, (max-width: 860px) 100vw, 860px\" \/><\/figure>\n\n\n\n<p><\/p>\n\n\n\n<details class=\"wp-block-details is-layout-flow wp-block-details-is-layout-flow\"><summary><strong>Olga Pasiecznik<\/strong><\/summary>\n<p>Uko\u0144czy\u0142a studia wokalne w Kijowskim Konserwatorium, a nast\u0119pnie w Akademii Muzycznej im. F. Chopina w Warszawie. Zadebiutowa\u0142a w 1992 roku na scenie Warszawskiej Opery Kameralnej, a cztery lata p\u00f3\u017aniej w Th\u00e9\u00e2tre des Champs-Elys\u00e9es w Pary\u017cu jako Pamina w&nbsp;<em>Czarodziejskim flecie<\/em>&nbsp;W. A. Mozarta. Wyst\u0119powa\u0142a na presti\u017cowych scenach \u015bwiata, wykonuj\u0105c ponad czterdzie\u015bci partii w operach Monteverdiego, Haendla, Mozarta, Rossiniego, Verdiego, Pucciniego, Czajkowskiego i innych. Uprawia tak\u017ce repertuar kameralny, oratoryjny i symfoniczny, koncertuj\u0105c niemal w ca\u0142ej Europie, USA, Kanadzie, Chinach, Japonii i Australii. Podczas recitali towarzyszy jej siostra \u2013 pianistka Natalia Pasiecznik.<\/p>\n\n\n\n<p>Wielokrotnie wyst\u0119powa\u0142a z czo\u0142owymi orkiestrami, m.in. Boston Symphony Orchestra, Wiener Symphoniker, Orchestre National de France, Akademie f\u00fcr Alte Musik Berlin, Freiburger Barockorchester i Orkiestr\u0105 XVIII wieku, wsp\u00f3\u0142pracuj\u0105c z takimi dyrygentami jak F. Br\u00fcggen, R. Jacobs, Ch. Hogwood, Ph. Herreweghe, K. Penderecki czy A. Wit.<\/p>\n\n\n\n<p>Jej dorobek fonograficzny obejmuje ponad 50 album\u00f3w CD i DVD nagranych dla wytw\u00f3rni CD Accord, Harmonia Mundi, Naxos i Opus 111. Jest laureatk\u0105 konkurs\u00f3w w s\u2019Hertogenbosch, Helsinkach i Brukseli. W Polsce uhonorowana m.in. Paszportem \u201ePolityki\u201d (1997), nagrodami Fryderyk, Orfeusz festiwalu \u201eWarszawska Jesie\u0144\u201d (1999), Z\u0142otym Krzy\u017cem Zas\u0142ugi (2001) oraz Nagrod\u0105 im. A. Hiolskiego (2004). Dwukrotnie nominowana przez \u201eOpernwelt\u201d do tytu\u0142u \u201eNajlepsza \u015bpiewaczka sezonu\u201d, w 2011 otrzyma\u0142a Nagrod\u0119 Ministra Kultury, a rok p\u00f3\u017aniej Krzy\u017c Oficerski Orderu Zas\u0142ugi RP. Obecnie jest solistk\u0105 Polskiej Opery Kr\u00f3lewskiej.<\/p>\n<\/details>\n\n\n\n<p><\/p>\n\n\n\n<figure class=\"wp-block-image size-large is-resized\"><img loading=\"lazy\" decoding=\"async\" width=\"819\" height=\"1024\" src=\"https:\/\/bydgoskascenabarokowa.pl\/wp-content\/uploads\/2025\/09\/j.foltak-819x1024.jpg\" alt=\"\" class=\"wp-image-1106\" style=\"width:382px;height:auto\" srcset=\"https:\/\/bydgoskascenabarokowa.pl\/wp-content\/uploads\/2025\/09\/j.foltak-819x1024.jpg 819w, https:\/\/bydgoskascenabarokowa.pl\/wp-content\/uploads\/2025\/09\/j.foltak-240x300.jpg 240w, https:\/\/bydgoskascenabarokowa.pl\/wp-content\/uploads\/2025\/09\/j.foltak-768x960.jpg 768w, https:\/\/bydgoskascenabarokowa.pl\/wp-content\/uploads\/2025\/09\/j.foltak-1229x1536.jpg 1229w, https:\/\/bydgoskascenabarokowa.pl\/wp-content\/uploads\/2025\/09\/j.foltak-1639x2048.jpg 1639w, https:\/\/bydgoskascenabarokowa.pl\/wp-content\/uploads\/2025\/09\/j.foltak-684x855.jpg 684w, https:\/\/bydgoskascenabarokowa.pl\/wp-content\/uploads\/2025\/09\/j.foltak-scaled.jpg 2048w\" sizes=\"auto, (max-width: 819px) 100vw, 819px\" \/><\/figure>\n\n\n\n<p><\/p>\n\n\n\n<details class=\"wp-block-details is-layout-flow wp-block-details-is-layout-flow\"><summary><strong>Jakub Foltak<\/strong><\/summary>\n<p>Kontratenor, absolwent Akademii Muzycznej w Katowicach. Uczestnik programu Akademii Operowej Przy Teatrze Wielkim \u2013 Operze Narodowej w Warszawie, gdzie kszta\u0142ci\u0142 si\u0119 pod kierunkiem m.in. Olgi Pasiecznik, Izabelli K\u0142osi\u0144skiej, Ewy Podle\u015b, Mariusza Kwietnia, Matthiasa Rexrotha, Eytana Pessena, Lecha Napiera\u0142y, Macieja Pikulskiego, Micha\u0142a Biela, Katelan Tran Terrell, Topi Lehtipuu oraz Hedwigi Fassbender. Debiutowa\u0142 w 2018 roku na deskach Opery \u015al\u0105skiej w Bytomiu w roli Ramira <em>La finta giardiniera<\/em> W. A. Mozarta.<\/p>\n\n\n\n<p>W sezonie z 2021-2022 wyst\u0105pi\u0142 m.in.: na Mi\u0119dzynarodowym Festiwalu Sztuk Dawnych im. Izabeli Branickiej z Orkiestr\u0105 Zespo\u0142u Muzyki Dawnej Diletto pod dyr. Anny Moniuszko wykonuj\u0105c Requiem in C J. A Hassego; w Teatrze Wielkim w \u0141odzi jako Cherubin w <em>Wesele Figara<\/em> Mozarta; w Filharmonii Zielonog\u00f3rskiej oraz w Filharmonii \u015al\u0105skiej w partii altowej w Mszy d-mollMozarta pod batut\u0105 Jaros\u0142awa Szemeta. Wsp\u00f3\u0142pracuje z Polsk\u0105 Oper\u0105 Kr\u00f3lewsk\u0105, gdzie kreuje posta\u0107 Eustazia w operze <em>Rinaldo<\/em> G. F Haendla, Valetta w <em>Koronacji Poppei<\/em> Claudia Monteverdiego oraz w madryga\u0142ach tego kompozytora zebranych w spektaklu <em>S\u00ec dolce e\u2019l tormento<\/em>. W repertuarze posiada liczne pie\u015bni, arie operowe oraz partie solowe w dzie\u0142ach oratoryjnych, jak: <em>Weihnachtsoratorium<\/em>, Magnificat, Msza h-moll, Pasja wg \u015bw. Jana, Pasja wg \u015bw. Marka, Pasja wg \u015bw. Mateusza i kantaty BWV 213 J. S. Bacha; <em>Stabat Mater<\/em> J. B. Pergolesiego, <em>Stabat Mater<\/em> A. Vivaldiego, Requiem in C J. A. Hassego i <em>Msza koronacyjna <\/em>W. A Mozarta.<\/p>\n<\/details>\n\n\n\n<p><\/p>\n\n\n\n<figure class=\"wp-block-image size-large is-resized\"><img loading=\"lazy\" decoding=\"async\" width=\"1024\" height=\"683\" src=\"https:\/\/bydgoskascenabarokowa.pl\/wp-content\/uploads\/2025\/09\/Sebastian-Mach-1024x683.jpg\" alt=\"\" class=\"wp-image-1102\" style=\"width:529px;height:auto\" srcset=\"https:\/\/bydgoskascenabarokowa.pl\/wp-content\/uploads\/2025\/09\/Sebastian-Mach-1024x683.jpg 1024w, https:\/\/bydgoskascenabarokowa.pl\/wp-content\/uploads\/2025\/09\/Sebastian-Mach-300x200.jpg 300w, https:\/\/bydgoskascenabarokowa.pl\/wp-content\/uploads\/2025\/09\/Sebastian-Mach-768x512.jpg 768w, https:\/\/bydgoskascenabarokowa.pl\/wp-content\/uploads\/2025\/09\/Sebastian-Mach-1536x1025.jpg 1536w, https:\/\/bydgoskascenabarokowa.pl\/wp-content\/uploads\/2025\/09\/Sebastian-Mach-2048x1366.jpg 2048w, https:\/\/bydgoskascenabarokowa.pl\/wp-content\/uploads\/2025\/09\/Sebastian-Mach-1140x760.jpg 1140w\" sizes=\"auto, (max-width: 1024px) 100vw, 1024px\" \/><\/figure>\n\n\n\n<p><\/p>\n\n\n\n<details class=\"wp-block-details is-layout-flow wp-block-details-is-layout-flow\"><summary><strong>Sebastian Mach<\/strong><\/summary>\n<p>Tenor, absolwent Akademii Muzycznej im. Karola Lipi\u0144skiego we Wroc\u0142awiu oraz Programu Kszta\u0142cenia M\u0142odych Talent\u00f3w Akademii Operowej Teatru Wielkiego \u2013 Opery Narodowej w Warszawie. Wsp\u00f3\u0142pracuje z czo\u0142owymi scenami operowymi w Polsce, m.in. Teatrem Wielkim w \u0141odzi, Oper\u0105 Wroc\u0142awsk\u0105, Oper\u0105 Ba\u0142tyck\u0105, Oper\u0105 Podlask\u0105, Oper\u0105 Nova w Bydgoszczy oraz Polsk\u0105 Oper\u0105 Kr\u00f3lewsk\u0105. Kreowa\u0142 wiele znacz\u0105cych r\u00f3l, takich jak Ernesto (Don Pasquale), Ksi\u0105\u017c\u0119 Mantui (Rigoletto), Lindoro (W\u0142oszka w Algierze) czy Ksi\u0105\u017c\u0119 Ramiro (Kopciuszek). Uczestnik presti\u017cowego programu Young Singers Project na Festiwalu w Salzburgu, laureat licznych konkurs\u00f3w wokalnych w kraju i za granic\u0105.<\/p>\n<\/details>\n\n\n\n<p><\/p>\n\n\n\n<figure class=\"wp-block-image size-full is-resized\"><img loading=\"lazy\" decoding=\"async\" width=\"715\" height=\"477\" src=\"https:\/\/bydgoskascenabarokowa.pl\/wp-content\/uploads\/2025\/09\/Dawid-Biwo.avif\" alt=\"\" class=\"wp-image-1113\" style=\"width:547px;height:auto\" srcset=\"https:\/\/bydgoskascenabarokowa.pl\/wp-content\/uploads\/2025\/09\/Dawid-Biwo.avif 715w, https:\/\/bydgoskascenabarokowa.pl\/wp-content\/uploads\/2025\/09\/Dawid-Biwo-300x200.avif 300w\" sizes=\"auto, (max-width: 715px) 100vw, 715px\" \/><\/figure>\n\n\n\n<p><\/p>\n\n\n\n<details class=\"wp-block-details is-layout-flow wp-block-details-is-layout-flow\"><summary><strong>Dawid Biwo<\/strong><\/summary>\n<p>Dawid Biwo &#8211; bas-baryton, absolwent Warszawskiego Uniwersytetu Muzycznego im. F. Chopina oraz Akademii Muzycznej w Krakowie. Laureat wielu og\u00f3lnopolskich i mi\u0119dzynarodowych konkurs\u00f3w wokalnych, od lat cieszy si\u0119 uznaniem zar\u00f3wno w Polsce, jak i na mi\u0119dzynarodowej scenie muzycznej. Jako solista wsp\u00f3\u0142pracuje od kilku sezon\u00f3w z Warszawsk\u0105 Oper\u0105 Kameraln\u0105, gdzie wsp\u00f3\u0142pracuje z cenionymi re\u017cyserami oraz dyrygentami. Jego wszechstronno\u015b\u0107 artystyczna przejawia si\u0119 w wykonawstwie liryki wokalnej, w szczeg\u00f3lno\u015bci w przywracaniu do \u017cycia zapomnianych dzie\u0142, kt\u00f3re zyskuj\u0105 nowe \u017cycie dzi\u0119ki jego interpretacjom.<\/p>\n\n\n\n<p>Dawid Biwo jest r\u00f3wnie\u017c uznanym wykonawc\u0105 muzyki dawnej. Bra\u0142 udzia\u0142 udzia\u0142 w mi\u0119dzynarodowych festiwalach muzyki barokowej , takich jak Utrecht Oude Muziek, Bachwoche Vienna, NewYork Baroque Fesiitwal czy Tartini Festival. Wsp\u00f3\u0142pracuje z cenionymi orkiestrami oraz dyrygentami, w tym z takimi formacjami jak {oh} Orkiestra,Capella Cracoviensis, Il Giardino d\u2019amore czy Arte dei Suonatori. Jego repertuar obejmuje zar\u00f3wno dzie\u0142a oratoryjne, jak i kameralne oraz utwory od barokowych po wsp\u00f3\u0142czesne.<\/p>\n<\/details>\n\n\n\n<p><\/p>\n\n\n\n<p><\/p>\n\n\n\n<figure class=\"wp-block-image size-full is-resized\"><img loading=\"lazy\" decoding=\"async\" width=\"846\" height=\"480\" src=\"https:\/\/bydgoskascenabarokowa.pl\/wp-content\/uploads\/2025\/09\/Krzysztof-Garstka.png\" alt=\"\" class=\"wp-image-1110\" style=\"width:545px;height:auto\" srcset=\"https:\/\/bydgoskascenabarokowa.pl\/wp-content\/uploads\/2025\/09\/Krzysztof-Garstka.png 846w, https:\/\/bydgoskascenabarokowa.pl\/wp-content\/uploads\/2025\/09\/Krzysztof-Garstka-300x170.png 300w, https:\/\/bydgoskascenabarokowa.pl\/wp-content\/uploads\/2025\/09\/Krzysztof-Garstka-768x436.png 768w\" sizes=\"auto, (max-width: 846px) 100vw, 846px\" \/><\/figure>\n\n\n\n<p><\/p>\n\n\n\n<details class=\"wp-block-details is-layout-flow wp-block-details-is-layout-flow\"><summary><strong>Krzysztof Garstka<\/strong><\/summary>\n<p>Klawesynista i pedagog, z zami\u0142owania oraz zawodu zwi\u0105zany przede wszystkim ze \u015bwiatem dawnej opery oraz XVII- i XVIII-wiecznej muzyki wokalno-instrumentalnej. Od czas\u00f3w studenckich zafascynowany oper\u0105, swoje zami\u0142owanie do muzyki wokalnej rozwin\u0105\u0142 dzi\u0119ki kontaktowi i wsp\u00f3\u0142pracy z czo\u0142owymi polskimi wokalistami \u2013 Olg\u0105 Pasiecznik, Ann\u0105 Radziejewsk\u0105, Jadwig\u0105 Rapp\u00e9&nbsp;oraz Arturem Stefanowiczem. Pierwsze kroki w prowadzeniu zespo\u0142\u00f3w stawia\u0142 z za\u0142o\u017con\u0105 przez siebie orkiestr\u0105 instrument\u00f3w historycznych Gradus ad Parnassum, z kt\u00f3r\u0105 zrealizowa\u0142 takie produkcje operowe, jak&nbsp;<em>La Serva Padrona<\/em>&nbsp;Giovanniego Battisty Pergolesiego,&nbsp;<em>Il Coronazione di Poppea<\/em>&nbsp;Claudio Monteverdiego oraz&nbsp;<em>Aci, Galatea e Polifemo&nbsp;<\/em>Georga Friedricha Haendla. Jako cz\u0142onek-za\u0142o\u017cyciel stowarzyszenia&nbsp;<em>Dramma per Musica<\/em>&nbsp;rokrocznie bierze czynny udzia\u0142 w kolejnych edycjach Festiwalu Oper Barokowych w Warszawie.<\/p>\n\n\n\n<p>W 2018 roku uzyska\u0142 stopie\u0144 doktora w Uniwersytecie Muzycznym Fryderyka Chopina, gdzie pracuje na stanowisku adiunkta w Katedrze Organ\u00f3w i Klawesynu. W warszawskiej uczelni uko\u0144czy\u0142 r\u00f3wnie\u017c studia klawesynowe w klasie Aliny Ratkowskiej oraz Leszka K\u0119drackiego. Jest tak\u017ce absolwentem studi\u00f3w podyplomowych w klasie Andrei Marcona w Schola Cantorum Basiliensis (Szwajcaria) oraz stypendyst\u0105 programu Erasmus-Socrates, w ramach kt\u00f3rego odby\u0142 p\u00f3\u0142roczne studia pod kierunkiem Evy Marii Polerus oraz Michaela Hella w Universit\u00e4t f\u00fcr Musik und Darstellende Kunst w Grazu (Austria). Uczestniczy\u0142 w kursach mistrzowskich prowadzonych przez Jespera Christensena, Marieke Spaans i Nicholasa Parle\u2019a. Kilkukrotnie nagradzany podczas konkurs\u00f3w klawesynowych, m.in. pierwsz\u0105 nagrod\u0105 w I Og\u00f3lnopolskim Akademickim Konkursie Klawesynowym w Poznaniu (2009), wyr\u00f3\u017cnieniem podczas konkursu Praskiej Wiosny (Prazskie Jaro, 2017) oraz trzeci\u0105 nagrod\u0105 w XVII Konkursie Klawesynowym Paola Bernardi w Bolonii (2017).<\/p>\n\n\n\n<p>W 2018 roku obj\u0105\u0142 stanowisko kierownika muzycznego&nbsp;Zespo\u0142u Instrument\u00f3w Dawnych Polskiej Opery Kr\u00f3lewskiej Capella Regia Polona. Z zespo\u0142em tym poprowadzi\u0142 m.in. szereg spektakli operowych (<em>Rodelinda&nbsp;<\/em>Georga Friedricha H\u00e4ndla,&nbsp;<em>L\u2019Orfeo&nbsp;<\/em>Claudio Monteverdiego,&nbsp;<em>Scene Buffe&nbsp;<\/em>Alessandro Scarlattiego,&nbsp;<em>Dido and Aeneas&nbsp;<\/em>Henry\u2019ego Purcella) oraz koncert\u00f3w oratoryjno-kantatowych i instrumentalnych.<\/p>\n<\/details>\n\n\n\n<p><\/p>\n\n\n\n<figure class=\"wp-block-image size-full is-resized\"><img loading=\"lazy\" decoding=\"async\" width=\"1024\" height=\"683\" src=\"https:\/\/bydgoskascenabarokowa.pl\/wp-content\/uploads\/2025\/09\/CRP.png\" alt=\"\" class=\"wp-image-1108\" style=\"width:622px;height:auto\" srcset=\"https:\/\/bydgoskascenabarokowa.pl\/wp-content\/uploads\/2025\/09\/CRP.png 1024w, https:\/\/bydgoskascenabarokowa.pl\/wp-content\/uploads\/2025\/09\/CRP-300x200.png 300w, https:\/\/bydgoskascenabarokowa.pl\/wp-content\/uploads\/2025\/09\/CRP-768x512.png 768w\" sizes=\"auto, (max-width: 1024px) 100vw, 1024px\" \/><\/figure>\n\n\n\n<p><\/p>\n\n\n\n<details class=\"wp-block-details is-layout-flow wp-block-details-is-layout-flow\"><summary><strong>Capella Regia Polona<\/strong><\/summary>\n<p><strong>Zesp\u00f3\u0142 Instrument\u00f3w Dawnych Polskiej Opery Kr\u00f3lewskiej Capella Regia Polona<\/strong>\u00a0zosta\u0142 powo\u0142any we wrze\u015bniu 2018. Repertuar zespo\u0142u obejmuje muzyk\u0119 polskiego i europejskiego baroku \u2013 dzie\u0142a oratoryjno-kantatowe, opery i muzyk\u0119 instrumentaln\u0105. W sk\u0142ad zespo\u0142u wchodz\u0105 m\u0142odzi i utalentowani instrumentali\u015bci specjalizuj\u0105cy si\u0119 w wykonawstwie muzyki dawnej, graj\u0105cy na instrumentach z epoki lub ich kopiach. Muzycy wsp\u00f3\u0142pracuj\u0105 zar\u00f3wno z najlepszymi polskimi, jak i zagranicznymi zespo\u0142ami. Funkcj\u0119 kierownika muzycznego zespo\u0142u pe\u0142ni klawesynista \u2013\u00a0<a href=\"https:\/\/operakrolewska.pl\/artysci\/krzysztof-garstka\/\"><strong>Krzysztof Garstka<\/strong><\/a>.<\/p>\n<\/details>\n\n\n\n<p><\/p>\n\n\n\n<figure class=\"wp-block-image size-large is-resized\"><img loading=\"lazy\" decoding=\"async\" width=\"1024\" height=\"234\" src=\"https:\/\/bydgoskascenabarokowa.pl\/wp-content\/uploads\/2025\/10\/mecenasi-1024x234.png\" alt=\"\" class=\"wp-image-1135\" style=\"width:652px;height:auto\" srcset=\"https:\/\/bydgoskascenabarokowa.pl\/wp-content\/uploads\/2025\/10\/mecenasi-1024x234.png 1024w, https:\/\/bydgoskascenabarokowa.pl\/wp-content\/uploads\/2025\/10\/mecenasi-300x68.png 300w, https:\/\/bydgoskascenabarokowa.pl\/wp-content\/uploads\/2025\/10\/mecenasi-768x175.png 768w, https:\/\/bydgoskascenabarokowa.pl\/wp-content\/uploads\/2025\/10\/mecenasi.png 1117w\" sizes=\"auto, (max-width: 1024px) 100vw, 1024px\" \/><\/figure>\n\n\n\n<p><\/p>\n","protected":false},"excerpt":{"rendered":"<p>Kantaty Johanna Sebastiana BachaSala Symfoniczna nowego kampusu AMFN w Bydgoszczy8 listopada 2025, g. 18:00 WYKONAWCYOlga Pasiecznik \u2013 sopranJakub Foltak &#8211;<span class=\"more-dots\">&#8230;<\/span><\/p>\n","protected":false},"author":1,"featured_media":0,"parent":0,"menu_order":0,"comment_status":"closed","ping_status":"closed","template":"page-templates\/no-sidebar-no-title.php","meta":{"footnotes":""},"class_list":["post-966","page","type-page","status-publish","hentry","no-post-thumbnail"],"_links":{"self":[{"href":"https:\/\/bydgoskascenabarokowa.pl\/index.php?rest_route=\/wp\/v2\/pages\/966","targetHints":{"allow":["GET"]}}],"collection":[{"href":"https:\/\/bydgoskascenabarokowa.pl\/index.php?rest_route=\/wp\/v2\/pages"}],"about":[{"href":"https:\/\/bydgoskascenabarokowa.pl\/index.php?rest_route=\/wp\/v2\/types\/page"}],"author":[{"embeddable":true,"href":"https:\/\/bydgoskascenabarokowa.pl\/index.php?rest_route=\/wp\/v2\/users\/1"}],"replies":[{"embeddable":true,"href":"https:\/\/bydgoskascenabarokowa.pl\/index.php?rest_route=%2Fwp%2Fv2%2Fcomments&post=966"}],"version-history":[{"count":24,"href":"https:\/\/bydgoskascenabarokowa.pl\/index.php?rest_route=\/wp\/v2\/pages\/966\/revisions"}],"predecessor-version":[{"id":1138,"href":"https:\/\/bydgoskascenabarokowa.pl\/index.php?rest_route=\/wp\/v2\/pages\/966\/revisions\/1138"}],"wp:attachment":[{"href":"https:\/\/bydgoskascenabarokowa.pl\/index.php?rest_route=%2Fwp%2Fv2%2Fmedia&parent=966"}],"curies":[{"name":"wp","href":"https:\/\/api.w.org\/{rel}","templated":true}]}}